{"id":26226,"date":"2026-04-30T23:21:40","date_gmt":"2026-05-01T03:21:40","guid":{"rendered":"https:\/\/organizersincanada.com\/formation-et-evenements\/presentateurs-de-cours\/"},"modified":"2026-04-30T23:21:40","modified_gmt":"2026-05-01T03:21:40","slug":"presentateurs-de-cours","status":"publish","type":"page","link":"https:\/\/organizersincanada.com\/fr\/formation-et-evenements\/presentateurs-de-cours\/","title":{"rendered":"Pr\u00e9sentateurs de cours"},"content":{"rendered":"<h1><strong>Faites connaissance avec les intervenants de votre cours<\/strong><\/h1>\n\t<style>\n\t\t.presenters-grid {\n\t\t\tdisplay: grid;\n\t\t\tgap: 16px;\n\t\t\tgrid-template-columns: repeat(auto-fit, minmax(260px, 1fr));\n\t\t\tmargin: 16px 0;\n\t\t}\n\t\t.presenter-card {\n\t\t\tborder: 1px solid #e5e7eb; border-radius: 12px; overflow: hidden; background: #fff;\n\t\t\tdisplay: flex; flex-direction: column;\n\t\t\ttransition: transform .12s ease, box-shadow .12s ease;\n\t\t}\n\t\t.presenter-card:hover { transform: translateY(-2px); box-shadow: 0 6px 16px rgba(0,0,0,.08); }\n\t\t.presenter-thumb { width: 100%; aspect-ratio: 1 \/ 1; overflow: hidden; background: #f3f4f6; display: block; }\n\t\t.presenter-thumb img { width: 100%; height: 100%; object-fit: cover; object-position: center; display: block; }\n\t\t.presenter-body { padding: 14px 14px 16px; display: grid; gap: 8px; }\n\t\t.presenter-name { margin: 0; font-size: 1.05rem; line-height: 1.25; }\n\t\t.presenter-name a { text-decoration: none; }\n\t\t.presenter-summary {\n\t\t\tmargin: 0; color: #374151; font-size: .95rem; line-height: 1.45;\n\t\t\tdisplay: -webkit-box; -webkit-line-clamp: 3; -webkit-box-orient: vertical;\n\t\t\toverflow: hidden; text-overflow: ellipsis; min-height: calc(1.45em * 3);\n\t\t}\n\t<\/style>\n\t<div class=\"presenters-grid\">\n\t\t\t<article class=\"presenter-card\">\n\t\t\t<a class=\"presenter-thumb\" href=\"https:\/\/organizersincanada.com\/fr\/presenters\/adele-lapointe\/\" aria-label=\"Adele Lapointe\">\n\t\t\t\t<img src=\"https:\/\/organizersincanada.com\/wp-content\/uploads\/2025\/09\/AdeleLapointe.png\" alt=\"Adele Lapointe\" loading=\"lazy\" decoding=\"async\" \/>\n\t\t\t<\/a>\n\t\t\t<div class=\"presenter-body\">\n\t\t\t\t<h3 class=\"presenter-name\">\n\t\t\t\t\t<a href=\"https:\/\/organizersincanada.com\/fr\/presenters\/adele-lapointe\/\" rel=\"bookmark\">Adele Lapointe<\/a>\n\t\t\t\t<\/h3>\n\t\t\t\t\t\t\t\t\t<p class=\"presenter-summary\">Adele a lanc\u00e9 son entreprise en organisation professionnelle Chaos to Clarity Organizing Services en 2005, et est membre Feuille d&#039;or de l\u2019association des Organisateurs professionnels au Canada. Elle\u2026<\/p>\n\t\t\t\t\t\t\t<\/div>\n\t\t<\/article>\n\t\t\t\t<article class=\"presenter-card\">\n\t\t\t<a class=\"presenter-thumb\" href=\"https:\/\/organizersincanada.com\/fr\/presenters\/alison-lush-icd-master-trainer-cpo-cd-cpo-cvpo-ppcc\/\" aria-label=\"Alison Lush ICD\u00ae Master Trainer, CPO-CD\u00ae, CPO\u00ae, CVPO&#x2122;, PPCC\">\n\t\t\t\t<img src=\"https:\/\/organizersincanada.com\/wp-content\/uploads\/2025\/09\/AlisonLush.jpg\" alt=\"Alison Lush ICD\u00ae Master Trainer, CPO-CD\u00ae, CPO\u00ae, CVPO&#x2122;, PPCC\" loading=\"lazy\" decoding=\"async\" \/>\n\t\t\t<\/a>\n\t\t\t<div class=\"presenter-body\">\n\t\t\t\t<h3 class=\"presenter-name\">\n\t\t\t\t\t<a href=\"https:\/\/organizersincanada.com\/fr\/presenters\/alison-lush-icd-master-trainer-cpo-cd-cpo-cvpo-ppcc\/\" rel=\"bookmark\">Alison Lush ICD\u00ae Master Trainer, CPO-CD\u00ae, CPO\u00ae, CVPO&#x2122;, PPCC<\/a>\n\t\t\t\t<\/h3>\n\t\t\t\t\t\t\t\t\t<p class=\"presenter-summary\">Alison Lush est membre de l\u2019association des Organisateurs professionnels au Canada depuis 2010. Elle est l\u2019ancienne pr\u00e9sidente de l\u2019Institute for Challenging Disorganization\u00ae, a \u00e9t\u00e9 directrice de la formation\u2026<\/p>\n\t\t\t\t\t\t\t<\/div>\n\t\t<\/article>\n\t\t\t\t<article class=\"presenter-card\">\n\t\t\t<a class=\"presenter-thumb\" href=\"https:\/\/organizersincanada.com\/fr\/presenters\/edith-dandenault\/\" aria-label=\"Edith Dandenault\">\n\t\t\t\t<img src=\"https:\/\/organizersincanada.com\/wp-content\/uploads\/2025\/09\/EdithDandenault.png\" alt=\"Edith Dandenault\" loading=\"lazy\" decoding=\"async\" \/>\n\t\t\t<\/a>\n\t\t\t<div class=\"presenter-body\">\n\t\t\t\t<h3 class=\"presenter-name\">\n\t\t\t\t\t<a href=\"https:\/\/organizersincanada.com\/fr\/presenters\/edith-dandenault\/\" rel=\"bookmark\">Edith Dandenault<\/a>\n\t\t\t\t<\/h3>\n\t\t\t\t\t\t\t\t\t<p class=\"presenter-summary\">Edith est membre de l\u2019association des Organisateurs professionnels au Canada depuis 2005 et formatrice de cours depuis 2018. Elle est une enseignante certifi\u00e9e, titulaire d&#039;une licence en \u00e9ducation,\u2026<\/p>\n\t\t\t\t\t\t\t<\/div>\n\t\t<\/article>\n\t\t\t\t<article class=\"presenter-card\">\n\t\t\t<a class=\"presenter-thumb\" href=\"https:\/\/organizersincanada.com\/fr\/presenters\/elizabeth-alescio\/\" aria-label=\"Elizabeth Alescio\">\n\t\t\t\t<img src=\"https:\/\/organizersincanada.com\/wp-content\/uploads\/2025\/09\/Elizabeth-Alescio.jpg\" alt=\"Elizabeth Alescio\" loading=\"lazy\" decoding=\"async\" \/>\n\t\t\t<\/a>\n\t\t\t<div class=\"presenter-body\">\n\t\t\t\t<h3 class=\"presenter-name\">\n\t\t\t\t\t<a href=\"https:\/\/organizersincanada.com\/fr\/presenters\/elizabeth-alescio\/\" rel=\"bookmark\">Elizabeth Alescio<\/a>\n\t\t\t\t<\/h3>\n\t\t\t\t\t\t\t\t\t<p class=\"presenter-summary\">Elizabeth Alescio est organisatrice professionnelle depuis 2013 et membre Feuille d\u2019argent de l\u2019association des Organisateurs professionnels au Canada. Apr\u00e8s avoir obtenu son baccalaur\u00e9at en commerce avec sp\u00e9cialisation en\u2026<\/p>\n\t\t\t\t\t\t\t<\/div>\n\t\t<\/article>\n\t\t\t\t<article class=\"presenter-card\">\n\t\t\t<a class=\"presenter-thumb\" href=\"https:\/\/organizersincanada.com\/fr\/presenters\/georgina-forrest-cpo\/\" aria-label=\"Georgina Forrest CPO\u00ae\">\n\t\t\t\t<img src=\"https:\/\/organizersincanada.com\/wp-content\/uploads\/2025\/09\/Georgina-Forrest.png\" alt=\"Georgina Forrest CPO\u00ae\" loading=\"lazy\" decoding=\"async\" \/>\n\t\t\t<\/a>\n\t\t\t<div class=\"presenter-body\">\n\t\t\t\t<h3 class=\"presenter-name\">\n\t\t\t\t\t<a href=\"https:\/\/organizersincanada.com\/fr\/presenters\/georgina-forrest-cpo\/\" rel=\"bookmark\">Georgina Forrest CPO\u00ae<\/a>\n\t\t\t\t<\/h3>\n\t\t\t\t\t\t\t\t\t<p class=\"presenter-summary\">Georgina est membre de l\u2019association des Organisateurs professionnels au Canada depuis 2005, et s\u2019int\u00e9resse \u00e0 l\u2019organisation depuis 2001. Elle est une organisatrice professionnelle certifi\u00e9e, et Certified Photo Manager.\u2026<\/p>\n\t\t\t\t\t\t\t<\/div>\n\t\t<\/article>\n\t\t\t\t<article class=\"presenter-card\">\n\t\t\t<a class=\"presenter-thumb\" href=\"https:\/\/organizersincanada.com\/fr\/presenters\/julie-fortin\/\" aria-label=\"Julie Fortin\">\n\t\t\t\t<img src=\"https:\/\/organizersincanada.com\/wp-content\/uploads\/2025\/09\/Julie-Fortin.png\" alt=\"Julie Fortin\" loading=\"lazy\" decoding=\"async\" \/>\n\t\t\t<\/a>\n\t\t\t<div class=\"presenter-body\">\n\t\t\t\t<h3 class=\"presenter-name\">\n\t\t\t\t\t<a href=\"https:\/\/organizersincanada.com\/fr\/presenters\/julie-fortin\/\" rel=\"bookmark\">Julie Fortin<\/a>\n\t\t\t\t<\/h3>\n\t\t\t\t\t\t\t\t\t<p class=\"presenter-summary\">Julie est membre des Organisateurs professionnels au Canada depuis 2012 et est membre Feuille d&#039;argent. Elle a \u00e9t\u00e9 tr\u00e9sori\u00e8re, coordonnatrice des membres et secr\u00e9taire au sein du comit\u00e9\u2026<\/p>\n\t\t\t\t\t\t\t<\/div>\n\t\t<\/article>\n\t\t\t\t<article class=\"presenter-card\">\n\t\t\t<a class=\"presenter-thumb\" href=\"https:\/\/organizersincanada.com\/fr\/presenters\/juliet-landau-pope-ma-hons-oxon-pg-cert-ap-open-frsa-pcc\/\" aria-label=\"Juliet Landau-Pope MA (Hons.) (Oxon), PG Cert AP (Open), FRSA, PCC\">\n\t\t\t\t<img src=\"https:\/\/organizersincanada.com\/wp-content\/uploads\/2025\/09\/Juliet-Landau-Pope.png\" alt=\"Juliet Landau-Pope MA (Hons.) (Oxon), PG Cert AP (Open), FRSA, PCC\" loading=\"lazy\" decoding=\"async\" \/>\n\t\t\t<\/a>\n\t\t\t<div class=\"presenter-body\">\n\t\t\t\t<h3 class=\"presenter-name\">\n\t\t\t\t\t<a href=\"https:\/\/organizersincanada.com\/fr\/presenters\/juliet-landau-pope-ma-hons-oxon-pg-cert-ap-open-frsa-pcc\/\" rel=\"bookmark\">Juliet Landau-Pope MA (Hons.) (Oxon), PG Cert AP (Open), FRSA, PCC<\/a>\n\t\t\t\t<\/h3>\n\t\t\t\t\t\t\t\t\t<p class=\"presenter-summary\">Juliet Landau-Pope est coach en productivit\u00e9 et l\u2019une des principales organisatrices professionnelles au Royaume-Uni. Bas\u00e9e \u00e0 Londres, en Angleterre, elle travaille \u00e9galement en virtuel avec des clients issus\u2026<\/p>\n\t\t\t\t\t\t\t<\/div>\n\t\t<\/article>\n\t\t\t\t<article class=\"presenter-card\">\n\t\t\t<a class=\"presenter-thumb\" href=\"https:\/\/organizersincanada.com\/fr\/presenters\/karen-shinn-cpo\/\" aria-label=\"Karen Shinn CPO\u00ae\">\n\t\t\t\t<img src=\"https:\/\/organizersincanada.com\/wp-content\/uploads\/2025\/09\/Karen-Shinn.jpg\" alt=\"Karen Shinn CPO\u00ae\" loading=\"lazy\" decoding=\"async\" \/>\n\t\t\t<\/a>\n\t\t\t<div class=\"presenter-body\">\n\t\t\t\t<h3 class=\"presenter-name\">\n\t\t\t\t\t<a href=\"https:\/\/organizersincanada.com\/fr\/presenters\/karen-shinn-cpo\/\" rel=\"bookmark\">Karen Shinn CPO\u00ae<\/a>\n\t\t\t\t<\/h3>\n\t\t\t\t\t\t\t\t\t<p class=\"presenter-summary\">Karen a travaill\u00e9 avec des personnes \u00e2g\u00e9es presque toute sa vie... et maintenant elle en est une ! En 2001, Karen a cr\u00e9\u00e9 SmartMove pour aider les personnes\u2026<\/p>\n\t\t\t\t\t\t\t<\/div>\n\t\t<\/article>\n\t\t\t\t<article class=\"presenter-card\">\n\t\t\t<a class=\"presenter-thumb\" href=\"https:\/\/organizersincanada.com\/fr\/presenters\/kim-diamond\/\" aria-label=\"Kim Diamond\">\n\t\t\t\t<img src=\"https:\/\/organizersincanada.com\/wp-content\/uploads\/2025\/09\/Kim-Diamond.png\" alt=\"Kim Diamond\" loading=\"lazy\" decoding=\"async\" \/>\n\t\t\t<\/a>\n\t\t\t<div class=\"presenter-body\">\n\t\t\t\t<h3 class=\"presenter-name\">\n\t\t\t\t\t<a href=\"https:\/\/organizersincanada.com\/fr\/presenters\/kim-diamond\/\" rel=\"bookmark\">Kim Diamond<\/a>\n\t\t\t\t<\/h3>\n\t\t\t\t\t\t\t\t\t<p class=\"presenter-summary\">Kim poss\u00e8de plus de 25 ans d&#039;exp\u00e9rience en marketing et en vente dans les secteurs de la publicit\u00e9, des organismes \u00e0 but non lucratif et des services. Dipl\u00f4m\u00e9e\u2026<\/p>\n\t\t\t\t\t\t\t<\/div>\n\t\t<\/article>\n\t\t\t\t<article class=\"presenter-card\">\n\t\t\t<a class=\"presenter-thumb\" href=\"https:\/\/organizersincanada.com\/fr\/presenters\/laurene-livesey-park-cpo-cd-master-trainer\/\" aria-label=\"Laurene Livesey Park CPO-CD\u00ae, Master Trainer\">\n\t\t\t\t<img src=\"https:\/\/organizersincanada.com\/wp-content\/uploads\/2025\/09\/Laurene-Livesey-Park.png\" alt=\"Laurene Livesey Park CPO-CD\u00ae, Master Trainer\" loading=\"lazy\" decoding=\"async\" \/>\n\t\t\t<\/a>\n\t\t\t<div class=\"presenter-body\">\n\t\t\t\t<h3 class=\"presenter-name\">\n\t\t\t\t\t<a href=\"https:\/\/organizersincanada.com\/fr\/presenters\/laurene-livesey-park-cpo-cd-master-trainer\/\" rel=\"bookmark\">Laurene Livesey Park CPO-CD\u00ae, Master Trainer<\/a>\n\t\t\t\t<\/h3>\n\t\t\t\t\t\t\t\t\t<p class=\"presenter-summary\">Laurene a cr\u00e9\u00e9 son entreprise au si\u00e8cle dernier, en 1999. Depuis, elle transmet les joies de l&#039;organisation \u00e0 ses clients et les joies de l&#039;organisation professionnelle \u00e0 d&#039;autres\u2026<\/p>\n\t\t\t\t\t\t\t<\/div>\n\t\t<\/article>\n\t\t\t\t<article class=\"presenter-card\">\n\t\t\t<a class=\"presenter-thumb\" href=\"https:\/\/organizersincanada.com\/fr\/presenters\/mylene-houle-morency\/\" aria-label=\"Myl\u00e8ne Houle Morency\">\n\t\t\t\t<img src=\"https:\/\/organizersincanada.com\/wp-content\/uploads\/2025\/09\/Mylene-Houle-Morency.png\" alt=\"Myl\u00e8ne Houle Morency\" loading=\"lazy\" decoding=\"async\" \/>\n\t\t\t<\/a>\n\t\t\t<div class=\"presenter-body\">\n\t\t\t\t<h3 class=\"presenter-name\">\n\t\t\t\t\t<a href=\"https:\/\/organizersincanada.com\/fr\/presenters\/mylene-houle-morency\/\" rel=\"bookmark\">Myl\u00e8ne Houle Morency<\/a>\n\t\t\t\t<\/h3>\n\t\t\t\t\t\t\t\t\t<p class=\"presenter-summary\">Myl\u00e8ne Houle Morency est organisatrice professionnelle sp\u00e9cialis\u00e9e en organisation familiale depuis 2013 et une membre Feuille d&#039;argent de l\u2019association des Organisateurs professionnels au Canada. Elle a si\u00e9g\u00e9 sur\u2026<\/p>\n\t\t\t\t\t\t\t<\/div>\n\t\t<\/article>\n\t\t\t\t<article class=\"presenter-card\">\n\t\t\t<a class=\"presenter-thumb\" href=\"https:\/\/organizersincanada.com\/fr\/presenters\/nathalie-bureau\/\" aria-label=\"Nathalie Bureau\">\n\t\t\t\t<img src=\"https:\/\/organizersincanada.com\/wp-content\/uploads\/2025\/09\/Nathalie-Bureau.jpg\" alt=\"Nathalie Bureau\" loading=\"lazy\" decoding=\"async\" \/>\n\t\t\t<\/a>\n\t\t\t<div class=\"presenter-body\">\n\t\t\t\t<h3 class=\"presenter-name\">\n\t\t\t\t\t<a href=\"https:\/\/organizersincanada.com\/fr\/presenters\/nathalie-bureau\/\" rel=\"bookmark\">Nathalie Bureau<\/a>\n\t\t\t\t<\/h3>\n\t\t\t\t\t\t\t\t\t<p class=\"presenter-summary\">Nathalie est passionn\u00e9e par la vie, l&#039;organisation et la productivit\u00e9 ! Propri\u00e9taire de Nathalie Bureau - Experte en gestion du temps | Conf\u00e9renci\u00e8re | Coach, une entreprise au\u2026<\/p>\n\t\t\t\t\t\t\t<\/div>\n\t\t<\/article>\n\t\t\t\t<article class=\"presenter-card\">\n\t\t\t<a class=\"presenter-thumb\" href=\"https:\/\/organizersincanada.com\/fr\/presenters\/pamela-wong\/\" aria-label=\"Pamela Wong\">\n\t\t\t\t<img src=\"https:\/\/organizersincanada.com\/wp-content\/uploads\/2025\/09\/Pamela-Wong.jpg\" alt=\"Pamela Wong\" loading=\"lazy\" decoding=\"async\" \/>\n\t\t\t<\/a>\n\t\t\t<div class=\"presenter-body\">\n\t\t\t\t<h3 class=\"presenter-name\">\n\t\t\t\t\t<a href=\"https:\/\/organizersincanada.com\/fr\/presenters\/pamela-wong\/\" rel=\"bookmark\">Pamela Wong<\/a>\n\t\t\t\t<\/h3>\n\t\t\t\t\t\t\t\t\t<p class=\"presenter-summary\">Pamela Wong a fond\u00e9 son entreprise Zen N Organized en 2013 et s&#039;est sp\u00e9cialis\u00e9e dans l&#039;organisation des bureaux \u00e0 domicile et des petits bureaux. Sa passion est d&#039;organiser\u2026<\/p>\n\t\t\t\t\t\t\t<\/div>\n\t\t<\/article>\n\t\t\t\t<article class=\"presenter-card\">\n\t\t\t<a class=\"presenter-thumb\" href=\"https:\/\/organizersincanada.com\/fr\/presenters\/sarah-tudway-cains\/\" aria-label=\"Sarah Tudway-Cains\">\n\t\t\t\t<img src=\"https:\/\/organizersincanada.com\/wp-content\/uploads\/2025\/09\/Sarah-Tudway-Cains.png\" alt=\"Sarah Tudway-Cains\" loading=\"lazy\" decoding=\"async\" \/>\n\t\t\t<\/a>\n\t\t\t<div class=\"presenter-body\">\n\t\t\t\t<h3 class=\"presenter-name\">\n\t\t\t\t\t<a href=\"https:\/\/organizersincanada.com\/fr\/presenters\/sarah-tudway-cains\/\" rel=\"bookmark\">Sarah Tudway-Cains<\/a>\n\t\t\t\t<\/h3>\n\t\t\t\t\t\t\t\t\t<p class=\"presenter-summary\">Sarah Tudway-Cains aime int\u00e9grer ses exp\u00e9riences en tant qu&#039;organisatrice professionnelle form\u00e9e, enseignante secondaire certifi\u00e9e en Colombie-Britannique et conseill\u00e8re communautaire b\u00e9n\u00e9vole \u00e0 son travail avec les clients qui d\u00e9sirent\u2026<\/p>\n\t\t\t\t\t\t\t<\/div>\n\t\t<\/article>\n\t\t\t\t<article class=\"presenter-card\">\n\t\t\t<a class=\"presenter-thumb\" href=\"https:\/\/organizersincanada.com\/fr\/presenters\/stephanie-barabe\/\" aria-label=\"St\u00e9phanie Barab\u00e9\">\n\t\t\t\t<img src=\"https:\/\/organizersincanada.com\/wp-content\/uploads\/2025\/09\/Stephanie-Barabe-.png\" alt=\"St\u00e9phanie Barab\u00e9\" loading=\"lazy\" decoding=\"async\" \/>\n\t\t\t<\/a>\n\t\t\t<div class=\"presenter-body\">\n\t\t\t\t<h3 class=\"presenter-name\">\n\t\t\t\t\t<a href=\"https:\/\/organizersincanada.com\/fr\/presenters\/stephanie-barabe\/\" rel=\"bookmark\">St\u00e9phanie Barab\u00e9<\/a>\n\t\t\t\t<\/h3>\n\t\t\t\t\t\t\t\t\t<p class=\"presenter-summary\">St\u00e9phanie est propri\u00e9taire et fondatrice de St\u00e9Zen, une entreprise sp\u00e9cialis\u00e9e dans le d\u00e9sencombrement, l&#039;organisation physique et num\u00e9rique, l&#039;aide au d\u00e9m\u00e9nagement et le coaching en organisation. Elle est membre\u2026<\/p>\n\t\t\t\t\t\t\t<\/div>\n\t\t<\/article>\n\t\t\t\t<article class=\"presenter-card\">\n\t\t\t<a class=\"presenter-thumb\" href=\"https:\/\/organizersincanada.com\/fr\/presenters\/stephanie-gallipeau\/\" aria-label=\"St\u00e9phanie Gallipeau\">\n\t\t\t\t<img src=\"https:\/\/organizersincanada.com\/wp-content\/uploads\/2025\/09\/Stephanie-Gallipeau.png\" alt=\"St\u00e9phanie Gallipeau\" loading=\"lazy\" decoding=\"async\" \/>\n\t\t\t<\/a>\n\t\t\t<div class=\"presenter-body\">\n\t\t\t\t<h3 class=\"presenter-name\">\n\t\t\t\t\t<a href=\"https:\/\/organizersincanada.com\/fr\/presenters\/stephanie-gallipeau\/\" rel=\"bookmark\">St\u00e9phanie Gallipeau<\/a>\n\t\t\t\t<\/h3>\n\t\t\t\t\t\t\t\t\t<p class=\"presenter-summary\">S&#039;organiser physiquement ou num\u00e9riquement n&#039;a plus de secret pour St\u00e9phanie! Bacheli\u00e8re en gestion des affaires et gestionnaire pendant plus de 10 ans pour une grande firme qu\u00e9b\u00e9coise, elle\u2026<\/p>\n\t\t\t\t\t\t\t<\/div>\n\t\t<\/article>\n\t\t\t<\/div>\n\t\n","protected":false},"excerpt":{"rendered":"<p>Faites connaissance avec les intervenants de votre cours<\/p>\n","protected":false},"author":2935,"featured_media":0,"parent":116,"menu_order":0,"comment_status":"closed","ping_status":"closed","template":"","meta":{"_acf_changed":false,"_genesis_hide_title":false,"_genesis_hide_breadcrumbs":false,"_genesis_hide_singular_image":false,"_genesis_hide_footer_widgets":false,"_genesis_custom_body_class":"","_genesis_custom_post_class":"","_genesis_layout":"","_price":"","_stock":"","_tribe_ticket_header":"","_tribe_default_ticket_provider":"","_tribe_ticket_capacity":"","_ticket_start_date":"","_ticket_end_date":"","_tribe_ticket_show_description":"","_tribe_ticket_show_not_going":false,"_tribe_ticket_use_global_stock":"","_tribe_ticket_global_stock_level":"","_global_stock_mode":"","_global_stock_cap":"","_tribe_rsvp_for_event":"","_tribe_ticket_going_count":"","_tribe_ticket_not_going_count":"","_tribe_tickets_list":"[]","_tribe_ticket_has_attendee_info_fields":false,"footnotes":""},"class_list":["post-26226","page","type-page","status-publish","entry"],"acf":[],"_links":{"self":[{"href":"https:\/\/organizersincanada.com\/fr\/wp-json\/wp\/v2\/pages\/26226","targetHints":{"allow":["GET"]}}],"collection":[{"href":"https:\/\/organizersincanada.com\/fr\/wp-json\/wp\/v2\/pages"}],"about":[{"href":"https:\/\/organizersincanada.com\/fr\/wp-json\/wp\/v2\/types\/page"}],"author":[{"embeddable":true,"href":"https:\/\/organizersincanada.com\/fr\/wp-json\/wp\/v2\/users\/2935"}],"replies":[{"embeddable":true,"href":"https:\/\/organizersincanada.com\/fr\/wp-json\/wp\/v2\/comments?post=26226"}],"version-history":[{"count":0,"href":"https:\/\/organizersincanada.com\/fr\/wp-json\/wp\/v2\/pages\/26226\/revisions"}],"up":[{"embeddable":true,"href":"https:\/\/organizersincanada.com\/fr\/wp-json\/wp\/v2\/pages\/116"}],"wp:attachment":[{"href":"https:\/\/organizersincanada.com\/fr\/wp-json\/wp\/v2\/media?parent=26226"}],"curies":[{"name":"wp","href":"https:\/\/api.w.org\/{rel}","templated":true}]}}